{"id":9708,"date":"2026-03-10T19:28:02","date_gmt":"2026-03-10T19:28:02","guid":{"rendered":"https:\/\/www.ics.gob.cu\/?post_type=consultoria_en_cs&#038;p=9708"},"modified":"2026-03-10T19:33:28","modified_gmt":"2026-03-10T19:33:28","slug":"centro-internacional-de-la-habana-cih-s-a","status":"publish","type":"consultoria_en_cs","link":"https:\/\/www.ics.gob.cu\/en\/consultoria_en_cs\/centro-internacional-de-la-habana-cih-s-a\/","title":{"rendered":"Centro Internacional de La Habana CIH, S.A."},"content":{"rendered":"<p><\/p>\n\n\n\n<ol start=\"1\" class=\"wp-block-list\">\n<li>Dise\u00f1o de campa\u00f1as de comunicaci\u00f3n con enfoque social en los sectores salud, educaci\u00f3n, medio ambiente, equidad de g\u00e9nero, ciencia e innovaci\u00f3n etc.<\/li>\n\n\n\n<li>Planificaci\u00f3n de comunicaci\u00f3n para proyectos y programas de cooperaci\u00f3n, proyectos de desarrollo local, proyectos de I+D+i, etc.<\/li>\n\n\n\n<li>Elaboraci\u00f3n de estrategias, planes de comunicaci\u00f3n interna y externa.<\/li>\n\n\n\n<li>Gesti\u00f3n de comunicaci\u00f3n de crisis y reputaci\u00f3n organizacional.<\/li>\n\n\n\n<li>Asesor\u00eda en relaciones p\u00fablicas, interinstitucionales e internacionales.<\/li>\n\n\n\n<li>Estudios de percepci\u00f3n y opini\u00f3n p\u00fablica.<\/li>\n\n\n\n<li>Diagn\u00f3sticos de comunicaci\u00f3n participativos.<\/li>\n\n\n\n<li>Evaluaci\u00f3n de impacto de campa\u00f1as, planes, estrategias y proyectos sociales.<\/li>\n\n\n\n<li>Asesorar la gesti\u00f3n de contenido para plataformas digitales con enfoque social y empresarial.<\/li>\n\n\n\n<li>Monitoreo y an\u00e1lisis de datos y m\u00e9tricas para optimizar la comunicaci\u00f3n en el \u00e1mbito digital.<\/li>\n\n\n\n<li>Capacitaci\u00f3n sobre todos estos temas mediante diferentes modalidades acad\u00e9micas.<\/li>\n\n\n\n<li>Comunicaci\u00f3n asertiva y liderazgo.<\/li>\n\n\n\n<li>Formaci\u00f3n en herramientas digitales para la incidencia social.<\/li>\n\n\n\n<li>Desarrollo de habilidades comunicativas para portavoces.<\/li>\n<\/ol>","protected":false},"featured_media":9709,"template":"","class_list":["post-9708","consultoria_en_cs","type-consultoria_en_cs","status-publish","has-post-thumbnail","hentry"],"acf":[],"_links":{"self":[{"href":"https:\/\/www.ics.gob.cu\/en\/wp-json\/wp\/v2\/consultoria_en_cs\/9708","targetHints":{"allow":["GET"]}}],"collection":[{"href":"https:\/\/www.ics.gob.cu\/en\/wp-json\/wp\/v2\/consultoria_en_cs"}],"about":[{"href":"https:\/\/www.ics.gob.cu\/en\/wp-json\/wp\/v2\/types\/consultoria_en_cs"}],"wp:featuredmedia":[{"embeddable":true,"href":"https:\/\/www.ics.gob.cu\/en\/wp-json\/wp\/v2\/media\/9709"}],"wp:attachment":[{"href":"https:\/\/www.ics.gob.cu\/en\/wp-json\/wp\/v2\/media?parent=9708"}],"curies":[{"name":"wp","href":"https:\/\/api.w.org\/{rel}","templated":true}]}}